{"id":394,"date":"2011-05-17T15:47:11","date_gmt":"2011-05-17T15:47:11","guid":{"rendered":"http:\/\/gundulamenking.de\/?page_id=394"},"modified":"2025-10-22T21:53:19","modified_gmt":"2025-10-22T20:53:19","slug":"presse","status":"publish","type":"page","link":"https:\/\/glasundmeer.gallery\/?page_id=394","title":{"rendered":"Presse"},"content":{"rendered":"\n<p class=\"has-text-color has-link-color wp-elements-7f620068cff2a44066d3d398ec046049\" style=\"color:#eeeeee\">Die Kreiszeitung Wochenblatt, bekannt als <a href=\"https:\/\/www.kreiszeitung-wochenblatt.de\/luehe\/c-panorama\/offenes-atelier-der-kuenstlerin-gunda-menking_a377796#\" target=\"_blank\" rel=\"noreferrer noopener\">Neue Stader\/Neue Buxtehuder\/Elbe Geest Wochenblatt\/Nordheide Wochenblatt<\/a>, k\u00fcndigte in ihrer Ausgabe vom 21. Oktober 2025 die bevorstehende Ausstellung der Galerie Glas &amp; Meer in Gr\u00fcnendeich an.<\/p>\n\n\n\n<div data-wp-interactive=\"core\/file\" class=\"wp-block-file\"><object data-wp-bind--hidden=\"!state.hasPdfPreview\" hidden class=\"wp-block-file__embed\" data=\"https:\/\/glasundmeer.gallery\/wp-content\/uploads\/2025\/10\/Galerie-am-Luehedeich-21_-Offenes-Atelier-der-Kuenstlerin-Gunda-Menking-Luehe.pdf\" type=\"application\/pdf\" style=\"width:100%;height:600px\" aria-label=\"Einbettung von Galerie am L\u00fchedeich 21_ Offenes Atelier der K\u00fcnstlerin Gunda Menking - L\u00fche.\"><\/object><a id=\"wp-block-file--media-bb6a4e79-4ed1-447b-afb2-7fae8fa99fc8\" href=\"https:\/\/glasundmeer.gallery\/wp-content\/uploads\/2025\/10\/Galerie-am-Luehedeich-21_-Offenes-Atelier-der-Kuenstlerin-Gunda-Menking-Luehe.pdf\">Galerie am L\u00fchedeich 21_ Offenes Atelier der K\u00fcnstlerin Gunda Menking &#8211; L\u00fche<\/a><a href=\"https:\/\/glasundmeer.gallery\/wp-content\/uploads\/2025\/10\/Galerie-am-Luehedeich-21_-Offenes-Atelier-der-Kuenstlerin-Gunda-Menking-Luehe.pdf\" class=\"wp-block-file__button wp-element-button\" download aria-describedby=\"wp-block-file--media-bb6a4e79-4ed1-447b-afb2-7fae8fa99fc8\">Herunterladen<\/a><\/div>\n\n\n\n<p><\/p>\n\n\n\n<p class=\"has-text-color has-link-color wp-elements-8578a1b2626a0150c1b286697b29d7b0\" style=\"color:#eeeeee\">Die Stabsstelle f\u00fcr Kultur der Stadt Munster, Frau Holz, hat am 17. September 2025 die<a href=\"https:\/\/www.glasplastik-und-garten.de\/news\/news_lang.php?ArtNr=2020\" target=\"_blank\" rel=\"noreferrer noopener\"> Meldung von der Finnisage<\/a> (13. September 2025) der diesj\u00e4hrigen &#8222;Glasplastik und Garten&#8220; herausgegeben. Anl\u00e4sslich der Veranstaltung auf dem Ollershof in Munster neben dem Ausstellungspark wurde auch von B\u00fcrgermeister Ulf-Marcus Grube die Gewinnerin des Publikumspreises dieses Jahres, die Glask\u00fcnstlerin Gundula Menking, begl\u00fcckw\u00fcnscht.<\/p>\n\n\n\n<div data-wp-interactive=\"core\/file\" class=\"wp-block-file\"><object data-wp-bind--hidden=\"!state.hasPdfPreview\" hidden class=\"wp-block-file__embed\" data=\"https:\/\/glasundmeer.gallery\/wp-content\/uploads\/2025\/10\/Glasplastik-und-Garten-1.pdf\" type=\"application\/pdf\" style=\"width:100%;height:600px\" aria-label=\"Einbettung von Glasplastik und Garten.\"><\/object><a id=\"wp-block-file--media-8dbb50ba-de95-4806-842c-6e81d9c7dad0\" href=\"https:\/\/glasundmeer.gallery\/wp-content\/uploads\/2025\/10\/Glasplastik-und-Garten-1.pdf\" target=\"_blank\" rel=\"noreferrer noopener\">Glasplastik und Garten<\/a><a href=\"https:\/\/glasundmeer.gallery\/wp-content\/uploads\/2025\/10\/Glasplastik-und-Garten-1.pdf\" class=\"wp-block-file__button wp-element-button\" download aria-describedby=\"wp-block-file--media-8dbb50ba-de95-4806-842c-6e81d9c7dad0\">Herunterladen<\/a><\/div>\n\n\n\n<h2 class=\"wp-block-heading\"><mark style=\"background-color:rgba(0, 0, 0, 0)\" class=\"has-inline-color has-cyan-bluish-gray-color\">Altl\u00e4nder Tageblatt vom 2.12.2023<\/mark><\/h2>\n\n\n\n<div class=\"wp-block-media-text is-stacked-on-mobile\" style=\"grid-template-columns:85% auto\"><figure class=\"wp-block-media-text__media\"><img decoding=\"async\" width=\"1024\" height=\"287\" src=\"http:\/\/glasundmeer.gallery\/wp-content\/uploads\/2023\/12\/altlaender_tageblatt_20231202-1024x287.png\" alt=\"\" class=\"wp-image-1612 size-full\" srcset=\"https:\/\/glasundmeer.gallery\/wp-content\/uploads\/2023\/12\/altlaender_tageblatt_20231202-1024x287.png 1024w, https:\/\/glasundmeer.gallery\/wp-content\/uploads\/2023\/12\/altlaender_tageblatt_20231202-300x84.png 300w, https:\/\/glasundmeer.gallery\/wp-content\/uploads\/2023\/12\/altlaender_tageblatt_20231202-768x215.png 768w, https:\/\/glasundmeer.gallery\/wp-content\/uploads\/2023\/12\/altlaender_tageblatt_20231202-1536x430.png 1536w, https:\/\/glasundmeer.gallery\/wp-content\/uploads\/2023\/12\/altlaender_tageblatt_20231202.png 1706w\" sizes=\"(max-width: 1024px) 100vw, 1024px\" \/><\/figure><div class=\"wp-block-media-text__content\">\n<p><\/p>\n<\/div><\/div>\n\n\n\n<div class=\"wp-block-media-text is-stacked-on-mobile\" style=\"grid-template-columns:36% auto\"><figure class=\"wp-block-media-text__media\"><img decoding=\"async\" width=\"291\" height=\"1682\" src=\"http:\/\/glasundmeer.gallery\/wp-content\/uploads\/2023\/12\/glaskuenstlerin_oeffnet_ihre_Galerieraeume-1.png\" alt=\"\" class=\"wp-image-1619 size-full\" srcset=\"https:\/\/glasundmeer.gallery\/wp-content\/uploads\/2023\/12\/glaskuenstlerin_oeffnet_ihre_Galerieraeume-1.png 291w, https:\/\/glasundmeer.gallery\/wp-content\/uploads\/2023\/12\/glaskuenstlerin_oeffnet_ihre_Galerieraeume-1-52x300.png 52w, https:\/\/glasundmeer.gallery\/wp-content\/uploads\/2023\/12\/glaskuenstlerin_oeffnet_ihre_Galerieraeume-1-266x1536.png 266w\" sizes=\"(max-width: 291px) 100vw, 291px\" \/><\/figure><div class=\"wp-block-media-text__content\">\n<p><\/p>\n<\/div><\/div>\n\n\n\n<p><\/p>\n\n\n\n<h2 class=\"wp-block-heading\"><mark style=\"background-color:rgba(0, 0, 0, 0)\" class=\"has-inline-color has-cyan-bluish-gray-color\">Buxtehuder Tageblatt vom 14.4.2023<\/mark><\/h2>\n\n\n\n<figure class=\"wp-block-image size-large is-resized\"><a href=\"http:\/\/glasundmeer.gallery\/wp-content\/uploads\/2023\/04\/buxtehuder-tageblatt-20230414-titel.png\"><img decoding=\"async\" width=\"1024\" height=\"291\" src=\"http:\/\/glasundmeer.gallery\/wp-content\/uploads\/2023\/04\/buxtehuder-tageblatt-20230414-titel-1024x291.png\" alt=\"\" class=\"wp-image-1491\" style=\"width:707px;height:auto\" srcset=\"https:\/\/glasundmeer.gallery\/wp-content\/uploads\/2023\/04\/buxtehuder-tageblatt-20230414-titel-1024x291.png 1024w, https:\/\/glasundmeer.gallery\/wp-content\/uploads\/2023\/04\/buxtehuder-tageblatt-20230414-titel-300x85.png 300w, https:\/\/glasundmeer.gallery\/wp-content\/uploads\/2023\/04\/buxtehuder-tageblatt-20230414-titel-768x218.png 768w, https:\/\/glasundmeer.gallery\/wp-content\/uploads\/2023\/04\/buxtehuder-tageblatt-20230414-titel-1536x436.png 1536w, https:\/\/glasundmeer.gallery\/wp-content\/uploads\/2023\/04\/buxtehuder-tageblatt-20230414-titel.png 1755w\" sizes=\"(max-width: 1024px) 100vw, 1024px\" \/><\/a><\/figure>\n\n\n\n<figure class=\"wp-block-image size-large is-resized\"><a href=\"http:\/\/glasundmeer.gallery\/wp-content\/uploads\/2023\/04\/tageblatt-20230414.png\"><img decoding=\"async\" width=\"1024\" height=\"647\" src=\"http:\/\/glasundmeer.gallery\/wp-content\/uploads\/2023\/04\/tageblatt-20230414-1024x647.png\" alt=\"\" class=\"wp-image-1481\" srcset=\"https:\/\/glasundmeer.gallery\/wp-content\/uploads\/2023\/04\/tageblatt-20230414-1024x647.png 1024w, https:\/\/glasundmeer.gallery\/wp-content\/uploads\/2023\/04\/tageblatt-20230414-300x190.png 300w, https:\/\/glasundmeer.gallery\/wp-content\/uploads\/2023\/04\/tageblatt-20230414-768x485.png 768w, https:\/\/glasundmeer.gallery\/wp-content\/uploads\/2023\/04\/tageblatt-20230414-1536x971.png 1536w, https:\/\/glasundmeer.gallery\/wp-content\/uploads\/2023\/04\/tageblatt-20230414.png 1771w\" sizes=\"(max-width: 1024px) 100vw, 1024px\" \/><\/a><\/figure>\n\n\n\n<figure class=\"wp-block-image size-large is-resized\"><a href=\"http:\/\/glasundmeer.gallery\/wp-content\/uploads\/2023\/04\/neue-buxtehuder-20230405-titel-1.png\"><img decoding=\"async\" width=\"1024\" height=\"403\" src=\"http:\/\/glasundmeer.gallery\/wp-content\/uploads\/2023\/04\/neue-buxtehuder-20230405-titel-1-1024x403.png\" alt=\"\" class=\"wp-image-1493\" style=\"width:539px;height:auto\" srcset=\"https:\/\/glasundmeer.gallery\/wp-content\/uploads\/2023\/04\/neue-buxtehuder-20230405-titel-1-1024x403.png 1024w, https:\/\/glasundmeer.gallery\/wp-content\/uploads\/2023\/04\/neue-buxtehuder-20230405-titel-1-300x118.png 300w, https:\/\/glasundmeer.gallery\/wp-content\/uploads\/2023\/04\/neue-buxtehuder-20230405-titel-1-768x303.png 768w, https:\/\/glasundmeer.gallery\/wp-content\/uploads\/2023\/04\/neue-buxtehuder-20230405-titel-1.png 1094w\" sizes=\"(max-width: 1024px) 100vw, 1024px\" \/><\/a><\/figure>\n\n\n\n<figure class=\"wp-block-image size-full is-resized\"><a href=\"http:\/\/glasundmeer.gallery\/wp-content\/uploads\/2023\/04\/neue-buxtehuder-20230405-titelseite.png\"><img decoding=\"async\" width=\"306\" height=\"614\" src=\"http:\/\/glasundmeer.gallery\/wp-content\/uploads\/2023\/04\/neue-buxtehuder-20230405-titelseite.png\" alt=\"\" class=\"wp-image-1494\" srcset=\"https:\/\/glasundmeer.gallery\/wp-content\/uploads\/2023\/04\/neue-buxtehuder-20230405-titelseite.png 306w, https:\/\/glasundmeer.gallery\/wp-content\/uploads\/2023\/04\/neue-buxtehuder-20230405-titelseite-150x300.png 150w\" sizes=\"(max-width: 306px) 100vw, 306px\" \/><\/a><\/figure>\n\n\n\n<figure class=\"wp-block-image size-full is-resized\"><a href=\"http:\/\/glasundmeer.gallery\/wp-content\/uploads\/2023\/04\/neue-buxtehuder-20230405-s3.png\"><img decoding=\"async\" width=\"885\" height=\"935\" src=\"http:\/\/glasundmeer.gallery\/wp-content\/uploads\/2023\/04\/neue-buxtehuder-20230405-s3.png\" alt=\"\" class=\"wp-image-1495\" srcset=\"https:\/\/glasundmeer.gallery\/wp-content\/uploads\/2023\/04\/neue-buxtehuder-20230405-s3.png 885w, https:\/\/glasundmeer.gallery\/wp-content\/uploads\/2023\/04\/neue-buxtehuder-20230405-s3-284x300.png 284w, https:\/\/glasundmeer.gallery\/wp-content\/uploads\/2023\/04\/neue-buxtehuder-20230405-s3-768x811.png 768w, https:\/\/glasundmeer.gallery\/wp-content\/uploads\/2023\/04\/neue-buxtehuder-20230405-s3-24x24.png 24w\" sizes=\"(max-width: 885px) 100vw, 885px\" \/><\/a><\/figure>\n\n\n\n<figure class=\"wp-block-image\"><img decoding=\"async\" width=\"632\" height=\"1023\" src=\"http:\/\/glasundmeer.gallery\/wp-content\/uploads\/2019\/03\/mittwochsjournal_20_3_2019.jpg\" alt=\"\nEine Nixe geht auf Tour\nAm 6. April beginnt im Alten Land ein einj\u00e4hriges Mitmach-Projekt\n\nVon Susanne Laudien\n\nSteinkirchen. Verhei\u00dfungsvoll schaut die gl\u00e4serne Nixe in die Ferne. Ahnt sie vielleicht schon, dass es bald losgeht? Soeben wurde das lebensgro\u00dfe Kunstobjekt auf einem rollenden Untersatz befestigt, um f\u00fcr die einj\u00e4hrige Reise entlang der L\u00fche mobil zu sein.\n\nEinmal im Monat wird die gl\u00e4serne Nixe, die 2015 bereits auf der Buxtehuder Kunstinsel f\u00fcr Beachtung sorgte, an \u00f6ffentlichen oder privaten Orten im Alten Land auftauchen, um begleitet von Events, Lesungen, Erz\u00e4hlungen und anderen Aktionen m\u00f6glichst viele Besucher zu inspirieren und zum Mitmachen zu bewegen.\n\nKinder, Schulklassen, Einheimische und Touristen k\u00f6nnen die Nixe begleiten, sie an ihren Stationen besuchen und sich aktiv vor Ort oder auch mit eigenen Fotos und Kommentaren auf einem Blog im Internet beteiligen.\n\nDie Idee, die Region entlang der L\u00fche auf diese Weise zu beleben, hatte Steinkirchens B\u00fcrgermeisterin Sonja Zinke zusammen mit der Erschafferin der Nixe, Glask\u00fcnstlerin Gundula Menking aus Gr\u00fcnendeich.\n\nMittlerweile sitzt bei dem einj\u00e4hrigen Projekt der halbe Ort mit im Boot \u2013 mit Vertretern von Verwaltung, Kirche und Bewohnern, darunter auch Schauspieler Kai Helm und Schriftsteller Manfred Bublitz.\n\nGestartet wird am Sonnabend, 6. April, beim Haus der Maritimen Landschaft Unterelbe in Gr\u00fcnendeich, Kirchenstieg 30. Die Reise endet am 5. April 2020 am Rathaus in Steinkirchen. \u201eDie Nixe wird etwa im Mai am VatertagDonnerstag mit den jungen Leuten auf VatertagsTour \u00fcber den Deich ziehen\u201c, erz\u00e4hlt Gundula Menking.\n\nWeitere Stationen am ersten Sonntag im Monat sind unter anderem im September das Steinkirchener Hafenfest, im Oktober das Seniorenheim Bergfried und im November das Caf\u00e9 Ottilie. \u201eWir wissen nicht genau, was alles passieren wird, und freuen uns auf eine spannende und kreative Reise\u201c, so Steinkirchens B\u00fcrgermeisterin.\n\nDer allererste Eintrag im Blog unter dem Link nixe.un terwegs.durchs.alte.land ist \u00fcbrigens der Besuch vom MITTWOCHSJOURNAL.\" class=\"wp-image-1388\" srcset=\"https:\/\/glasundmeer.gallery\/wp-content\/uploads\/2019\/03\/mittwochsjournal_20_3_2019.jpg 632w, https:\/\/glasundmeer.gallery\/wp-content\/uploads\/2019\/03\/mittwochsjournal_20_3_2019-185x300.jpg 185w\" sizes=\"(max-width: 632px) 100vw, 632px\" \/><\/figure>\n\n\n\n<figure class=\"wp-block-image\"><img decoding=\"async\" width=\"620\" height=\"1024\" src=\"http:\/\/glasundmeer.gallery\/wp-content\/uploads\/2019\/03\/kreiszeitung-wochenblatt-23_3_2019-620x1024.jpg\" alt=\" Gr\u00fcnendeich: Eine Nixe geht ein Jahr auf Reisen\nBald starten die Nixe und das Deichhuhn ihre gro\u00dfe Tour entlang der L\u00fche\nBald starten die Nixe und das Deichhuhn ihre gro\u00dfe Tour entlang der L\u00fche\nGundula Menking und Sonja Zinke m\u00f6chten mit dem mystischem Wesen zu gemeinschaftlicher Kreativit\u00e4t anregen\ufeff\nab. Gr\u00fcnendeich. &quot;Das ist wie mit dem Zwerg im Film ,Amelie': Die Nixe muss reisen&quot;, stellte Steinkirchens B\u00fcrgermeisterin fest, als sie das mystische Wesen entdeckte. Die Nixe, eine gro\u00dfe, aus verschiedenen Materialien von K\u00fcnstlerin Gundula Menking gefertigte Skulptur, wartet in Gr\u00fcnendeich auf ihr n\u00e4chstes gro\u00dfes Abenteuer. Beide Frauen trugen ihre Ideen zusammen und hoben ein gemeinsames Kunstprojekt aus der Traufe: die sch\u00f6ne Meerjungfrau auf eine gro\u00dfe Tour entlang der L\u00fche zu schicken, und zwar f\u00fcr ein ganzes Jahr. Der Clou: Alle Menschen, die sie sehen und mit ihr in Ber\u00fchrung kommen, k\u00f6nnen sich kreativ in das Projekt einbringen.\n\nSie war schon einmal gereist, die Nixe. F\u00fcr die Buxtehuder &quot;Kunst-Insel&quot; hatte Gundula Menking das Kunstwerk damals angefertigt und sie dort 2015 &quot;vor Anker&quot; gehen lassen. Danach sa\u00df das m\u00e4rchenhafte Wesen, bestehend aus Mosaik, gestalteten Scherben, einem Glasgesicht und Muschelfragmenten, Fiberglas und Styropor, an der L\u00fche. &quot;Inzwischen hat sie etwas Patina angesetzt&quot;, erkl\u00e4rt die K\u00fcnstlerin. Ein bisschen restauriert werden musste sie, ein paar &quot;Haare&quot; habe sie auch gelassen.\n\nUnd langweilig sei der Nixe auch gewesen, erkl\u00e4rt Gundula Menking l\u00e4chelnd. Darum habe sich nun auch das reiselustige Deichhuhn zu ihr gesellt, eine Figur, die die K\u00fcnstlerin f\u00fcr den Steinkirchener Krimi-Autoren Manfred Bublitz angefertigt hatte. &quot;Das Deichhuhn m\u00f6chte wohl mitkommen, dann hat die Nixe eine Begleitung.&quot;\n\nJetzt ist das Meereswesen bereit, kann am Samstag, 6. April, gegen 11.30 Uhr am L\u00fchedeich zu seinem ersten Stopp reisen: zur Maritimen Landschaft Unterelbe (Kirchenstieg 30) in Gr\u00fcnendeich. Die Strecke wird die Nixe auf einem Fahrgestell zur\u00fccklegen, begleitet von &quot;hoffentlich viel Publikum&quot; und Musik.\n\n\ufeffIn den kommenden zw\u00f6lf Monaten wird das mystische Wesen pro Monat einen Stopp einlegen, in privaten und \u00f6ffentlichen Bereichen. &quot;Wir w\u00fcnschen uns, dass die Nixe viel Besuch bekommt und sich die Menschen kreativ mit ihr auseinandersetzen. Das k\u00f6nnen beispielsweise gemalte Bilder oder Fotos sein, aber auch Geschriebenes oder Gedichte oder etwas, das direkt vor Ort aufgebaut wird&quot;, erl\u00e4utert Gundula Menking. Thematisiert werden k\u00f6nne dabei z.B., was sie sucht, woher sie stammt und was sie im Sinn hat. \n\n\u2022 Damit alle, die gerne mitmachen m\u00f6chten, ihre Ideen so einbringen k\u00f6nnen, dass sie f\u00fcr jeden sichtbar sind, hat die Nixe unter http:\/\/nixe.unterwegs.durchs.alte.land sogar einen eigenen Blog bekommen. Nach der Maritimen Landschaft Unterelbe hei\u00dft der n\u00e4chste Stopp L\u00fchesperrwerk. Dorthin wird die Nixe am 5. Mai reisen.\" class=\"wp-image-1387\" srcset=\"https:\/\/glasundmeer.gallery\/wp-content\/uploads\/2019\/03\/kreiszeitung-wochenblatt-23_3_2019-620x1024.jpg 620w, https:\/\/glasundmeer.gallery\/wp-content\/uploads\/2019\/03\/kreiszeitung-wochenblatt-23_3_2019-182x300.jpg 182w, https:\/\/glasundmeer.gallery\/wp-content\/uploads\/2019\/03\/kreiszeitung-wochenblatt-23_3_2019.jpg 648w\" sizes=\"(max-width: 620px) 100vw, 620px\" \/><\/figure>\n\n\n<figure id=\"attachment_1364\" aria-describedby=\"caption-attachment-1364\" style=\"width: 300px\" class=\"wp-caption alignleft\"><a href=\"http:\/\/glasundmeer.gallery\/wp-content\/uploads\/2018\/10\/presse-mittwochsjournal-20181017-3867_001_geschw%C3%A4rzt.pdf\"><img decoding=\"async\" class=\"wp-image-1364 size-medium\" src=\"http:\/\/glasundmeer.gallery\/wp-content\/uploads\/2018\/10\/24-10-2018-01-31-22-300x218.jpg\" alt=\"\" width=\"300\" height=\"218\" srcset=\"https:\/\/glasundmeer.gallery\/wp-content\/uploads\/2018\/10\/24-10-2018-01-31-22-300x218.jpg 300w, https:\/\/glasundmeer.gallery\/wp-content\/uploads\/2018\/10\/24-10-2018-01-31-22.jpg 607w\" sizes=\"(max-width: 300px) 100vw, 300px\" \/><\/a><figcaption id=\"caption-attachment-1364\" class=\"wp-caption-text\"><span style=\"color: #999999;\">Presse zu \u201eMeer, Weite, Wind und Wellen\u201d in der Galerie \u201eGlas &amp; Meer\u201c auf dem L\u00fchedeich<\/span><\/figcaption><\/figure>\n<figure id=\"attachment_1155\" aria-describedby=\"caption-attachment-1155\" style=\"width: 218px\" class=\"wp-caption alignleft\"><a href=\"http:\/\/glasundmeer.gallery\/wp-content\/uploads\/2011\/05\/gm-artikel-2015-nz-002.jpg\"><img decoding=\"async\" class=\"wp-image-1155 size-medium\" src=\"http:\/\/glasundmeer.gallery\/wp-content\/uploads\/2011\/05\/gm-artikel-2015-nz-002-218x300.jpg\" alt=\"Glaskunst von der Elbe lockt\" width=\"218\" height=\"300\" srcset=\"https:\/\/glasundmeer.gallery\/wp-content\/uploads\/2011\/05\/gm-artikel-2015-nz-002-218x300.jpg 218w, https:\/\/glasundmeer.gallery\/wp-content\/uploads\/2011\/05\/gm-artikel-2015-nz-002-768x1056.jpg 768w, https:\/\/glasundmeer.gallery\/wp-content\/uploads\/2011\/05\/gm-artikel-2015-nz-002-745x1024.jpg 745w\" sizes=\"(max-width: 218px) 100vw, 218px\" \/><\/a><figcaption id=\"caption-attachment-1155\" class=\"wp-caption-text\"><span style=\"color: #999999;\">Gundula Menking \u00f6ffnet Galerie f\u00fcr Besucher &#8211; Meerjungfrauen, Segelschiffe und Wellenreiter<\/span><\/figcaption><\/figure>\n<figure id=\"attachment_1056\" aria-describedby=\"caption-attachment-1056\" style=\"width: 171px\" class=\"wp-caption alignleft\"><a href=\"http:\/\/glasundmeer.gallery\/wp-content\/uploads\/2011\/05\/blick-20150429.jpg\"><img decoding=\"async\" class=\"wp-image-1056 size-medium\" src=\"http:\/\/glasundmeer.gallery\/wp-content\/uploads\/2011\/05\/blick-20150429-171x300.jpg\" alt=\"Der Blick v. 29.4.2015\" width=\"171\" height=\"300\" srcset=\"https:\/\/glasundmeer.gallery\/wp-content\/uploads\/2011\/05\/blick-20150429-171x300.jpg 171w, https:\/\/glasundmeer.gallery\/wp-content\/uploads\/2011\/05\/blick-20150429.jpg 563w\" sizes=\"(max-width: 171px) 100vw, 171px\" \/><\/a><figcaption id=\"caption-attachment-1056\" class=\"wp-caption-text\"><span style=\"color: #999999;\">Der Blick v. 29.4.2015<\/span><\/figcaption><\/figure>\n<figure id=\"attachment_963\" aria-describedby=\"caption-attachment-963\" style=\"width: 167px\" class=\"wp-caption alignleft\"><a href=\"http:\/\/glasundmeer.gallery\/wp-content\/uploads\/2015\/04\/blick_20150422_menking_nixe.jpg\" target=\"_blank\" rel=\"noopener noreferrer\"><img decoding=\"async\" class=\"wp-image-963 size-medium\" title=\"blick_20150422_menking_nixe\" src=\"http:\/\/glasundmeer.gallery\/wp-content\/uploads\/2015\/04\/blick_20150422_menking_nixe-167x300.jpg\" alt=\"Der Blick - 22.4.2015\" width=\"167\" height=\"300\" srcset=\"https:\/\/glasundmeer.gallery\/wp-content\/uploads\/2015\/04\/blick_20150422_menking_nixe-167x300.jpg 167w, https:\/\/glasundmeer.gallery\/wp-content\/uploads\/2015\/04\/blick_20150422_menking_nixe.jpg 570w\" sizes=\"(max-width: 167px) 100vw, 167px\" \/><\/a><figcaption id=\"caption-attachment-963\" class=\"wp-caption-text\">Der Blick &#8211; 22.4.2015<\/figcaption><\/figure>\n<figure id=\"attachment_964\" aria-describedby=\"caption-attachment-964\" style=\"width: 300px\" class=\"wp-caption alignnone\"><a href=\"http:\/\/glasundmeer.gallery\/wp-content\/uploads\/2015\/04\/bt_2015_04_15_nixe_stadtpark_web1.jpg\" target=\"_blank\" rel=\"noopener noreferrer\"><img decoding=\"async\" class=\"wp-image-964 size-medium\" title=\"bt_2015_04_15_nixe_stadtpark_web1\" src=\"http:\/\/glasundmeer.gallery\/wp-content\/uploads\/2015\/04\/bt_2015_04_15_nixe_stadtpark_web1-300x196.jpg\" alt=\"bt_2015_04_15_nixe_stadtpark_web1\" width=\"300\" height=\"196\" srcset=\"https:\/\/glasundmeer.gallery\/wp-content\/uploads\/2015\/04\/bt_2015_04_15_nixe_stadtpark_web1-300x196.jpg 300w, https:\/\/glasundmeer.gallery\/wp-content\/uploads\/2015\/04\/bt_2015_04_15_nixe_stadtpark_web1-1024x669.jpg 1024w, https:\/\/glasundmeer.gallery\/wp-content\/uploads\/2015\/04\/bt_2015_04_15_nixe_stadtpark_web1.jpg 1920w\" sizes=\"(max-width: 300px) 100vw, 300px\" \/><\/a><figcaption id=\"caption-attachment-964\" class=\"wp-caption-text\"><span style=\"color: #999999;\">Buxtehuder Tageblatt v. 27.4.2015 Buxtehuder Tageblatt v. 15.4.2015<\/span><\/figcaption><\/figure>\n<figure id=\"attachment_975\" aria-describedby=\"caption-attachment-975\" style=\"width: 201px\" class=\"wp-caption alignleft\"><a style=\"color: #999999;\" href=\"http:\/\/glasundmeer.gallery\/wp-content\/uploads\/2015\/04\/mwj_2015_04_01_stade_2.jpg\" target=\"_blank\" rel=\"noopener noreferrer\"><img decoding=\"async\" class=\"wp-image-975 size-medium\" title=\"mwj_2015_04_01_stade_2\" src=\"http:\/\/glasundmeer.gallery\/wp-content\/uploads\/2015\/04\/mwj_2015_04_01_stade_2-201x300.jpg\" alt=\"mwj_2015_04_01_stade_2\" width=\"201\" height=\"300\" srcset=\"https:\/\/glasundmeer.gallery\/wp-content\/uploads\/2015\/04\/mwj_2015_04_01_stade_2-201x300.jpg 201w, https:\/\/glasundmeer.gallery\/wp-content\/uploads\/2015\/04\/mwj_2015_04_01_stade_2-686x1024.jpg 686w, https:\/\/glasundmeer.gallery\/wp-content\/uploads\/2015\/04\/mwj_2015_04_01_stade_2.jpg 768w\" sizes=\"(max-width: 201px) 100vw, 201px\" \/><\/a><figcaption id=\"caption-attachment-975\" class=\"wp-caption-text\"><\/span> <span style=\"color: #999999;\">Mittwochsjournal v. 1.4.2015<\/span><\/figcaption><\/figure>\n<figure id=\"attachment_950\" aria-describedby=\"caption-attachment-950\" style=\"width: 300px\" class=\"wp-caption alignleft\"><a style=\"color: #999999;\" href=\"http:\/\/glasundmeer.gallery\/wp-content\/uploads\/2015\/03\/dat-ole-land-jahrgang-39-april-2015-seiten-2_3-gundula-menking-ausstellung-schleusenhaus.jpg\" target=\"_blank\" rel=\"noopener noreferrer\"><img decoding=\"async\" class=\"wp-image-950 size-medium\" title=\"dat-ole-land-jahrgang-39-april-2015-seiten-2_3-gundula-menking-ausstellung-schleusenhaus\" src=\"http:\/\/glasundmeer.gallery\/wp-content\/uploads\/2015\/03\/dat-ole-land-jahrgang-39-april-2015-seiten-2_3-gundula-menking-ausstellung-schleusenhaus-300x208.jpg\" alt=\"DAT OLE LAND April 2015\" width=\"300\" height=\"208\" srcset=\"https:\/\/glasundmeer.gallery\/wp-content\/uploads\/2015\/03\/dat-ole-land-jahrgang-39-april-2015-seiten-2_3-gundula-menking-ausstellung-schleusenhaus-300x208.jpg 300w, https:\/\/glasundmeer.gallery\/wp-content\/uploads\/2015\/03\/dat-ole-land-jahrgang-39-april-2015-seiten-2_3-gundula-menking-ausstellung-schleusenhaus-1024x708.jpg 1024w, https:\/\/glasundmeer.gallery\/wp-content\/uploads\/2015\/03\/dat-ole-land-jahrgang-39-april-2015-seiten-2_3-gundula-menking-ausstellung-schleusenhaus.jpg 1463w\" sizes=\"(max-width: 300px) 100vw, 300px\" \/><\/a><figcaption id=\"caption-attachment-950\" class=\"wp-caption-text\"><\/span> <span style=\"color: #999999;\">DAT OLE LAND, Ausgabe April 2015<\/span><\/figcaption><\/figure>\n<p><figure id=\"attachment_1078\" aria-describedby=\"caption-attachment-1078\" style=\"width: 166px\" class=\"wp-caption alignleft\"><a style=\"color: #999999;\" href=\"http:\/\/glasundmeer.gallery\/wp-content\/uploads\/2011\/05\/nb_2015_04_01_s16.jpg\"><img decoding=\"async\" class=\"wp-image-1078 size-medium\" src=\"http:\/\/glasundmeer.gallery\/wp-content\/uploads\/2011\/05\/nb_2015_04_01_s16-166x300.jpg\" alt=\"nb_2015_04_01_s16\" width=\"166\" height=\"300\" srcset=\"https:\/\/glasundmeer.gallery\/wp-content\/uploads\/2011\/05\/nb_2015_04_01_s16-166x300.jpg 166w, https:\/\/glasundmeer.gallery\/wp-content\/uploads\/2011\/05\/nb_2015_04_01_s16-567x1024.jpg 567w, https:\/\/glasundmeer.gallery\/wp-content\/uploads\/2011\/05\/nb_2015_04_01_s16.jpg 766w\" sizes=\"(max-width: 166px) 100vw, 166px\" \/><\/a><figcaption id=\"caption-attachment-1078\" class=\"wp-caption-text\"><\/span> <span style=\"color: #999999;\">Wochenblatt Neue Buxtehuder vom 1.4.2015, Seite 16<\/span><\/figcaption><\/figure><br \/>\n<figure id=\"attachment_447\" aria-describedby=\"caption-attachment-447\" style=\"width: 300px\" class=\"wp-caption alignleft\"><img decoding=\"async\" class=\" wp-image-447 size-medium\" title=\"Gruppe 27 zieht ins Museum\" src=\"http:\/\/glasundmeer.gallery\/wp-content\/uploads\/2011\/05\/zeitung-2-300x192.jpg\" alt=\"Buxtehuder Tageblatt vom 16. November 2007\" width=\"300\" height=\"192\" srcset=\"https:\/\/glasundmeer.gallery\/wp-content\/uploads\/2011\/05\/zeitung-2-300x192.jpg 300w, https:\/\/glasundmeer.gallery\/wp-content\/uploads\/2011\/05\/zeitung-2-1024x654.jpg 1024w, https:\/\/glasundmeer.gallery\/wp-content\/uploads\/2011\/05\/zeitung-2.jpg 1942w\" sizes=\"(max-width: 300px) 100vw, 300px\" \/><figcaption id=\"caption-attachment-447\" class=\"wp-caption-text\"><\/span> <span style=\"color: #999999;\">Buxtehuder Tageblatt v. 16.11.2007<\/span><\/figcaption><\/figure><br \/>\n<figure id=\"attachment_446\" aria-describedby=\"caption-attachment-446\" style=\"width: 300px\" class=\"wp-caption alignleft\"><a style=\"color: #999999;\" href=\"http:\/\/glasundmeer.gallery\/wp-content\/uploads\/2011\/05\/zeitung-1.jpg\" target=\"_blank\" rel=\"noopener noreferrer\"><img decoding=\"async\" class=\" wp-image-446 size-medium\" title=\"Bambus und Glas vereint\" src=\"http:\/\/glasundmeer.gallery\/wp-content\/uploads\/2011\/05\/zeitung-1-300x265.jpg\" alt=\"Westfalen-Blatt vom 20. April 2006\" width=\"300\" height=\"265\" srcset=\"https:\/\/glasundmeer.gallery\/wp-content\/uploads\/2011\/05\/zeitung-1-300x265.jpg 300w, https:\/\/glasundmeer.gallery\/wp-content\/uploads\/2011\/05\/zeitung-1-1024x903.jpg 1024w\" sizes=\"(max-width: 300px) 100vw, 300px\" \/><\/a><figcaption id=\"caption-attachment-446\" class=\"wp-caption-text\"><\/span> <span style=\"color: #999999;\">Westfalen-Blatt v. 20.4.2006<\/span><\/figcaption><\/figure><\/p>\n<p><a href=\"http:\/\/glasundmeer.gallery\/wp-content\/uploads\/2011\/05\/artikel-paderborn-1.jpg\" target=\"_blank\" rel=\"noopener noreferrer\"><img decoding=\"async\" class=\"wp-image-399 size-medium alignleft\" title=\"artikel-paderborn-1\" src=\"http:\/\/glasundmeer.gallery\/wp-content\/uploads\/2011\/05\/artikel-paderborn-1-139x300.jpg\" alt=\"artikel-paderborn-1\" width=\"139\" height=\"300\" srcset=\"https:\/\/glasundmeer.gallery\/wp-content\/uploads\/2011\/05\/artikel-paderborn-1-139x300.jpg 139w, https:\/\/glasundmeer.gallery\/wp-content\/uploads\/2011\/05\/artikel-paderborn-1-474x1024.jpg 474w, https:\/\/glasundmeer.gallery\/wp-content\/uploads\/2011\/05\/artikel-paderborn-1.jpg 1320w\" sizes=\"(max-width: 139px) 100vw, 139px\" \/><\/a><\/p>\n\n","protected":false},"excerpt":{"rendered":"<p>Die Kreiszeitung Wochenblatt, bekannt als Neue Stader\/Neue Buxtehuder\/Elbe Geest Wochenblatt\/Nordheide Wochenblatt, k\u00fcndigte in ihrer Ausgabe vom 21. Oktober 2025 die bevorstehende Ausstellung der Galerie Glas &amp; Meer in Gr\u00fcnendeich an. Die Stabsstelle f\u00fcr Kultur der Stadt Munster, Frau Holz, hat am 17. September 2025 die Meldung von der Finnisage (13. September 2025) der diesj\u00e4hrigen &#8222;Glasplastik [&hellip;]<\/p>\n","protected":false},"author":2,"featured_media":0,"parent":176,"menu_order":64,"comment_status":"closed","ping_status":"closed","template":"","meta":{"footnotes":""},"class_list":["post-394","page","type-page","status-publish","hentry"],"_links":{"self":[{"href":"https:\/\/glasundmeer.gallery\/index.php?rest_route=\/wp\/v2\/pages\/394","targetHints":{"allow":["GET"]}}],"collection":[{"href":"https:\/\/glasundmeer.gallery\/index.php?rest_route=\/wp\/v2\/pages"}],"about":[{"href":"https:\/\/glasundmeer.gallery\/index.php?rest_route=\/wp\/v2\/types\/page"}],"author":[{"embeddable":true,"href":"https:\/\/glasundmeer.gallery\/index.php?rest_route=\/wp\/v2\/users\/2"}],"replies":[{"embeddable":true,"href":"https:\/\/glasundmeer.gallery\/index.php?rest_route=%2Fwp%2Fv2%2Fcomments&post=394"}],"version-history":[{"count":33,"href":"https:\/\/glasundmeer.gallery\/index.php?rest_route=\/wp\/v2\/pages\/394\/revisions"}],"predecessor-version":[{"id":1818,"href":"https:\/\/glasundmeer.gallery\/index.php?rest_route=\/wp\/v2\/pages\/394\/revisions\/1818"}],"up":[{"embeddable":true,"href":"https:\/\/glasundmeer.gallery\/index.php?rest_route=\/wp\/v2\/pages\/176"}],"wp:attachment":[{"href":"https:\/\/glasundmeer.gallery\/index.php?rest_route=%2Fwp%2Fv2%2Fmedia&parent=394"}],"curies":[{"name":"wp","href":"https:\/\/api.w.org\/{rel}","templated":true}]}}